{"version":"1.0","provider_name":"Online-Shop:Akkus, Batterien und Ladeger\u00e4te","provider_url":"https:\/\/www.akku-plus.com\/akkublog","author_name":"bella2020","author_url":"https:\/\/www.akku-plus.com\/akkublog\/author\/bella2020\/","title":"S\u00e4mtliche iPhone-Ladekabel schon bald unbrauchbar - Online-Shop:Akkus, Batterien und Ladeger\u00e4te","type":"rich","width":600,"height":338,"html":"<blockquote class=\"wp-embedded-content\" data-secret=\"JuIHONvB2c\"><a href=\"https:\/\/www.akku-plus.com\/akkublog\/2022\/10\/12\/saemtliche-iphone-ladekabel-schon-bald-unbrauchbar\/\">S\u00e4mtliche iPhone-Ladekabel schon bald unbrauchbar<\/a><\/blockquote><iframe sandbox=\"allow-scripts\" security=\"restricted\" src=\"https:\/\/www.akku-plus.com\/akkublog\/2022\/10\/12\/saemtliche-iphone-ladekabel-schon-bald-unbrauchbar\/embed\/#?secret=JuIHONvB2c\" width=\"600\" height=\"338\" title=\"&#8222;S\u00e4mtliche iPhone-Ladekabel schon bald unbrauchbar&#8220; &#8211; Online-Shop:Akkus, Batterien und Ladeger\u00e4te\" data-secret=\"JuIHONvB2c\" frameborder=\"0\" marginwidth=\"0\" marginheight=\"0\" scrolling=\"no\" class=\"wp-embedded-content\"><\/iframe><script type=\"text\/javascript\">\n\/* <![CDATA[ *\/\n\/*! This file is auto-generated *\/\n!function(d,l){\"use strict\";l.querySelector&&d.addEventListener&&\"undefined\"!=typeof URL&&(d.wp=d.wp||{},d.wp.receiveEmbedMessage||(d.wp.receiveEmbedMessage=function(e){var t=e.data;if((t||t.secret||t.message||t.value)&&!\/[^a-zA-Z0-9]\/.test(t.secret)){for(var s,r,n,a=l.querySelectorAll('iframe[data-secret=\"'+t.secret+'\"]'),o=l.querySelectorAll('blockquote[data-secret=\"'+t.secret+'\"]'),c=new RegExp(\"^https?:$\",\"i\"),i=0;i<o.length;i++)o[i].style.display=\"none\";for(i=0;i<a.length;i++)s=a[i],e.source===s.contentWindow&&(s.removeAttribute(\"style\"),\"height\"===t.message?(1e3<(r=parseInt(t.value,10))?r=1e3:~~r<200&&(r=200),s.height=r):\"link\"===t.message&&(r=new URL(s.getAttribute(\"src\")),n=new URL(t.value),c.test(n.protocol))&&n.host===r.host&&l.activeElement===s&&(d.top.location.href=t.value))}},d.addEventListener(\"message\",d.wp.receiveEmbedMessage,!1),l.addEventListener(\"DOMContentLoaded\",function(){for(var e,t,s=l.querySelectorAll(\"iframe.wp-embedded-content\"),r=0;r<s.length;r++)(t=(e=s[r]).getAttribute(\"data-secret\"))||(t=Math.random().toString(36).substring(2,12),e.src+=\"#?secret=\"+t,e.setAttribute(\"data-secret\",t)),e.contentWindow.postMessage({message:\"ready\",secret:t},\"*\")},!1)))}(window,document);\n\/* ]]> *\/\n<\/script>\n","description":"Schlechte Nachrichten f\u00fcr iPhone-Nutzer: Lightning-Kabel werden bereits in naher Zukunft unbrauchbar und m\u00fcssen ersetzt werden. Das geht aus einem neuen Beschluss des Europ\u00e4ischen Parlaments hervor. Darauf musst du dich einstellen. Nutzer eines Apple iPhones stechen aus der breiten Masse an Smartphone-Nutzern hervor. Dies liegt haupts\u00e4chlich an dem hauseigenen iOS-Betriebssystem und andererseits an der ebenfalls aus [&hellip;]"}